{"id":2099,"date":"2016-07-14T22:31:15","date_gmt":"2016-07-14T20:31:15","guid":{"rendered":"https:\/\/www.speckmarschall.de\/?page_id=2099"},"modified":"2017-12-01T14:17:58","modified_gmt":"2017-12-01T12:17:58","slug":"do0no-nieder-olm","status":"publish","type":"page","link":"https:\/\/www.speckmarschall.de\/?page_id=2099","title":{"rendered":"DO0NO &#8211; Nieder-Olm"},"content":{"rendered":"<p>Relaisfunkstelle Nieder-Olm &#8211;\u00a0 DO0NO<\/p>\n<p>Standort laut <a href=\"http:\/\/ans.bundesnetzagentur.de\/Amateurfunk\/Rufzeichen.aspx\" target=\"_blank\" rel=\"noopener\">BNetzA<\/a>: <a href=\"https:\/\/www.google.de\/maps\/place\/Am+Rebstock+2,+55268+Nieder-Olm\/@49.8999298,8.2084067,19z\/data=!3m1!1e3!4m13!1m10!4m9!1m3!2m2!1d8.2088993!2d49.8999279!1m3!2m2!1d8.2089268!2d49.8999158!3e2!3m1!1s0x47bd91e77ae5efab:0xa6e793aa15bec6e0\" target=\"_blank\" rel=\"noopener\">Am Rebstock 4; 55268 Nieder-Olm<\/a><br \/>\nKoordinaten: N49.9000, E8.2089<br \/>\nH\u00f6he: 189 m \u00fc NHN. + ca. 8 m Geb\u00e4ude + Masth\u00f6he<br \/>\nInhaber laut <a href=\"http:\/\/ans.bundesnetzagentur.de\/Amateurfunk\/Rufzeichen.aspx\" target=\"_blank\" rel=\"noopener\">BNetzA<\/a>: <a href=\"https:\/\/s3.amazonaws.com\/files.qrz.com\/m\/do1pm\/do1pm.jpg\" target=\"_blank\" rel=\"noopener\">DO1PM<\/a>, Michael Elsner<br \/>\nFrequenz:\u00a0 438,3125MHz \u2013 7,6kHz Shift\u00a0 Mod. DMR+<\/p>\n<p>Das Relais DO0NO befindet auf einem Privathaus am Rande der Stadt <a href=\"https:\/\/de.wikipedia.org\/wiki\/Nieder-Olm\" target=\"_blank\" rel=\"noopener\">Nieder-Olm<\/a> im Landkreis Mainz-Bingen, 10 km s\u00fcdlich der Landeshauptstadt <a href=\"https:\/\/de.wikipedia.org\/wiki\/Mainz\" target=\"_blank\" rel=\"noopener\">Mainz,<\/a> in der Region <a href=\"https:\/\/de.wikipedia.org\/wiki\/Rheinhessen\" target=\"_blank\" rel=\"noopener\">Rheinhessen<\/a>.<\/p>\n<p><a href=\"http:\/\/195.225.116.10\/user.php?rid=262502%20&amp;rpt=DB0NO\" target=\"_blank\" rel=\"noopener\">Last Heard User on DO0NO<\/a><\/p>\n<p>&nbsp;<\/p>\n<p><iframe loading=\"lazy\" src=\"https:\/\/www.speckmarschall.de\/bier\/DB0NO.html\" width=\"600\" height=\"450\" frameborder=\"0\"><\/iframe><a href=\"https:\/\/www.speckmarschall.de\/wcon\/wp-content\/uploads\/2016\/07\/DO0NO-Karte.jpg\"><br \/>\n<img loading=\"lazy\" decoding=\"async\" class=\"alignnone size-large wp-image-2113\" src=\"https:\/\/www.speckmarschall.de\/wcon\/wp-content\/uploads\/2016\/07\/DO0NO-Karte-1024x646.jpg\" alt=\"DO0NO Karte\" width=\"474\" height=\"299\" srcset=\"https:\/\/www.speckmarschall.de\/wcon\/wp-content\/uploads\/2016\/07\/DO0NO-Karte-1024x646.jpg 1024w, https:\/\/www.speckmarschall.de\/wcon\/wp-content\/uploads\/2016\/07\/DO0NO-Karte-300x189.jpg 300w, https:\/\/www.speckmarschall.de\/wcon\/wp-content\/uploads\/2016\/07\/DO0NO-Karte-768x485.jpg 768w, https:\/\/www.speckmarschall.de\/wcon\/wp-content\/uploads\/2016\/07\/DO0NO-Karte.jpg 1488w\" sizes=\"auto, (max-width: 474px) 100vw, 474px\" \/><br \/>\n<\/a><\/p>\n<p><a href=\"https:\/\/www.speckmarschall.de\/wcon\/wp-content\/uploads\/2016\/07\/DO0NO-DMR-RELAISSTANDORT.jpg\"><img loading=\"lazy\" decoding=\"async\" class=\"alignnone size-large wp-image-2366\" src=\"https:\/\/www.speckmarschall.de\/wcon\/wp-content\/uploads\/2016\/07\/DO0NO-DMR-RELAISSTANDORT-1024x683.jpg\" alt=\"DO0NO DMR RELAISSTANDORT\" width=\"474\" height=\"316\" srcset=\"https:\/\/www.speckmarschall.de\/wcon\/wp-content\/uploads\/2016\/07\/DO0NO-DMR-RELAISSTANDORT-1024x683.jpg 1024w, https:\/\/www.speckmarschall.de\/wcon\/wp-content\/uploads\/2016\/07\/DO0NO-DMR-RELAISSTANDORT-300x200.jpg 300w, https:\/\/www.speckmarschall.de\/wcon\/wp-content\/uploads\/2016\/07\/DO0NO-DMR-RELAISSTANDORT-768x512.jpg 768w\" sizes=\"auto, (max-width: 474px) 100vw, 474px\" \/><\/a><\/p>\n<p><a href=\"https:\/\/www.speckmarschall.de\/wcon\/wp-content\/uploads\/2016\/07\/Nieder-Olm-Amateurfunk.jpg\"><img loading=\"lazy\" decoding=\"async\" class=\"alignnone size-large wp-image-2104\" src=\"https:\/\/www.speckmarschall.de\/wcon\/wp-content\/uploads\/2016\/07\/Nieder-Olm-Amateurfunk-1024x683.jpg\" alt=\"Nieder-Olm Amateurfunk\" width=\"474\" height=\"316\" srcset=\"https:\/\/www.speckmarschall.de\/wcon\/wp-content\/uploads\/2016\/07\/Nieder-Olm-Amateurfunk-1024x683.jpg 1024w, https:\/\/www.speckmarschall.de\/wcon\/wp-content\/uploads\/2016\/07\/Nieder-Olm-Amateurfunk-300x200.jpg 300w, https:\/\/www.speckmarschall.de\/wcon\/wp-content\/uploads\/2016\/07\/Nieder-Olm-Amateurfunk-768x512.jpg 768w\" sizes=\"auto, (max-width: 474px) 100vw, 474px\" \/><\/a><\/p>\n<p><a href=\"https:\/\/www.speckmarschall.de\/wcon\/wp-content\/uploads\/2016\/07\/Nieder-Olm-DMR-Relais-DO0NO.jpg\"><img loading=\"lazy\" decoding=\"async\" class=\"alignnone size-large wp-image-2102\" src=\"https:\/\/www.speckmarschall.de\/wcon\/wp-content\/uploads\/2016\/07\/Nieder-Olm-DMR-Relais-DO0NO-1024x683.jpg\" alt=\"Nieder-Olm DMR Relais DO0NO\" width=\"474\" height=\"316\" srcset=\"https:\/\/www.speckmarschall.de\/wcon\/wp-content\/uploads\/2016\/07\/Nieder-Olm-DMR-Relais-DO0NO-1024x683.jpg 1024w, https:\/\/www.speckmarschall.de\/wcon\/wp-content\/uploads\/2016\/07\/Nieder-Olm-DMR-Relais-DO0NO-300x200.jpg 300w, https:\/\/www.speckmarschall.de\/wcon\/wp-content\/uploads\/2016\/07\/Nieder-Olm-DMR-Relais-DO0NO-768x512.jpg 768w\" sizes=\"auto, (max-width: 474px) 100vw, 474px\" \/><\/a><\/p>\n<p><a href=\"https:\/\/www.speckmarschall.de\/wcon\/wp-content\/uploads\/2016\/07\/DO0NO.jpg\"><img loading=\"lazy\" decoding=\"async\" class=\"alignnone size-large wp-image-2103\" src=\"https:\/\/www.speckmarschall.de\/wcon\/wp-content\/uploads\/2016\/07\/DO0NO-1024x236.jpg\" alt=\"DO0NO\" width=\"474\" height=\"109\" srcset=\"https:\/\/www.speckmarschall.de\/wcon\/wp-content\/uploads\/2016\/07\/DO0NO-1024x236.jpg 1024w, https:\/\/www.speckmarschall.de\/wcon\/wp-content\/uploads\/2016\/07\/DO0NO-300x69.jpg 300w, https:\/\/www.speckmarschall.de\/wcon\/wp-content\/uploads\/2016\/07\/DO0NO-768x177.jpg 768w\" sizes=\"auto, (max-width: 474px) 100vw, 474px\" \/><br \/>\n<\/a><\/p>\n<p>&nbsp;<\/p>\n<p>weiterf\u00fchrende Informationen unter:<\/p>\n<p><a href=\"http:\/\/de.aprs.fi\/info\/a\/DO0NO\" target=\"_blank\" rel=\"noopener\">http:\/\/de.aprs.fi\/info\/a\/DO0NO<\/a><\/p>\n<p><a href=\"http:\/\/195.225.116.10\/user.php?rid=262502%20&amp;rpt=DB0NO\" target=\"_blank\" rel=\"noopener\">http:\/\/195.225.116.10\/user.php?rid=262502%20&amp;rpt=DB0NO<\/a><\/p>\n<p><a href=\"http:\/\/www.positionsreport.de\/php\/getCallInfo2.php?MyCallSign=DO0NO\" target=\"_blank\" rel=\"noopener\">http:\/\/www.positionsreport.de\/php\/getCallInfo2.php?MyCallSign=DO0NO<\/a><\/p>\n<p><a href=\"http:\/\/www.qsl.net\/do1pm\/main.html\" target=\"_blank\" rel=\"noopener\">http:\/\/www.qsl.net\/do1pm\/main.html<\/a><\/p>\n<p><a href=\"https:\/\/aprs.link\/app\/aprs\/stations\/googlemap-DO0NO\" target=\"_blank\" rel=\"noopener\">https:\/\/aprs.link\/app\/aprs\/stations\/googlemap-DO0NO<\/a><\/p>\n","protected":false},"excerpt":{"rendered":"<p>Relaisfunkstelle Nieder-Olm &#8211;\u00a0 DO0NO Standort laut BNetzA: Am Rebstock 4; 55268 Nieder-Olm Koordinaten: N49.9000, E8.2089 H\u00f6he: 189 m \u00fc NHN. + ca. 8 m Geb\u00e4ude + Masth\u00f6he Inhaber laut BNetzA: DO1PM, Michael Elsner Frequenz:\u00a0 438,3125MHz \u2013 7,6kHz Shift\u00a0 Mod. DMR+ Das Relais DO0NO befindet auf einem Privathaus am Rande der Stadt Nieder-Olm im Landkreis Mainz-Bingen, &hellip; <a href=\"https:\/\/www.speckmarschall.de\/?page_id=2099\" class=\"more-link\"><span class=\"screen-reader-text\">DO0NO &#8211; Nieder-Olm<\/span> weiterlesen <span class=\"meta-nav\">&rarr;<\/span><\/a><\/p>\n","protected":false},"author":2,"featured_media":0,"parent":67,"menu_order":0,"comment_status":"closed","ping_status":"closed","template":"","meta":{"footnotes":""},"class_list":["post-2099","page","type-page","status-publish","hentry"],"_links":{"self":[{"href":"https:\/\/www.speckmarschall.de\/index.php?rest_route=\/wp\/v2\/pages\/2099","targetHints":{"allow":["GET"]}}],"collection":[{"href":"https:\/\/www.speckmarschall.de\/index.php?rest_route=\/wp\/v2\/pages"}],"about":[{"href":"https:\/\/www.speckmarschall.de\/index.php?rest_route=\/wp\/v2\/types\/page"}],"author":[{"embeddable":true,"href":"https:\/\/www.speckmarschall.de\/index.php?rest_route=\/wp\/v2\/users\/2"}],"replies":[{"embeddable":true,"href":"https:\/\/www.speckmarschall.de\/index.php?rest_route=%2Fwp%2Fv2%2Fcomments&post=2099"}],"version-history":[{"count":23,"href":"https:\/\/www.speckmarschall.de\/index.php?rest_route=\/wp\/v2\/pages\/2099\/revisions"}],"predecessor-version":[{"id":3662,"href":"https:\/\/www.speckmarschall.de\/index.php?rest_route=\/wp\/v2\/pages\/2099\/revisions\/3662"}],"up":[{"embeddable":true,"href":"https:\/\/www.speckmarschall.de\/index.php?rest_route=\/wp\/v2\/pages\/67"}],"wp:attachment":[{"href":"https:\/\/www.speckmarschall.de\/index.php?rest_route=%2Fwp%2Fv2%2Fmedia&parent=2099"}],"curies":[{"name":"wp","href":"https:\/\/api.w.org\/{rel}","templated":true}]}}