{"id":849,"date":"2015-12-20T20:48:46","date_gmt":"2015-12-20T18:48:46","guid":{"rendered":"https:\/\/www.speckmarschall.de\/?page_id=849"},"modified":"2017-05-28T20:11:49","modified_gmt":"2017-05-28T18:11:49","slug":"db0vp","status":"publish","type":"page","link":"https:\/\/www.speckmarschall.de\/?page_id=849","title":{"rendered":"DB0VP &#8211; Pirmasens"},"content":{"rendered":"<h3>Relaisfunkstelle Erlenbrunn Pirmasens, DB0VP<\/h3>\n<ul>\n<li>Koordinaten: N 49.17035324, E 7.61405915<\/li>\n<li>Maidenhead Locator: JN39te<\/li>\n<li>Standort:\u00a0 Rathaus Erlenbrunn Pirmasens (Pfalz), 433.60 m \u00fc. NHN,<\/li>\n<li>Frequenzbereiche:\u00a0 Ausgabe 145.650 MHz FM\/C4FM AMS<br \/>\nEingabe\u00a0\u00a0 145.150 MHz (600KHz Shift)<\/li>\n<li>Rufzeichen DB0VP<\/li>\n<li>Antenne: Diamond X300 \u00a0 2m\/70cm Multibandantenne<br \/>\n\u25ba Gewinn:\u00a0 6,5\/9,0 dBi\u00a0 (2 m \/ 70 cm )<br \/>\n\u25ba ca. 10m \u00fcber Grund<\/li>\n<li>Technik: YAESU DR1-XE<\/li>\n<li>Steuerung: YAESU DR1-XE<\/li>\n<li>Rufzeicheninhaber: DL5IAH\u00a0 &#8211; J\u00f6rg Will<\/li>\n<\/ul>\n<p><strong>Allgemeine Informationen:<\/strong><\/p>\n<p>Die Relaisfunkstelle DB0VP befindet sich\u00a0 in der Erlenstr. 7 im Stadtteil Erlenbrunn der Stadt Pirmasens (66955 ) in der Pfalz.<br \/>\nDas Relais befindet sich auf der gleichen QRG wie die Relaisfunkstelle DB0UP Pforzheim. Aus diesem Grund ist Erlenbrunn nur noch mit Subtone 77 HZ zu \u00f6ffnen.<\/p>\n<p>Die Sendeanlage der Relaisfunkstelle befindet sich ca. 4m \u00fcber dem Dachfirst des alten Rathauses in Erlenbrunn.<\/p>\n<p>Der Ortsverband Pirmasens plant ein 70cm Relais am gleichen Standort zu errichten. Seit Anfang des Jahres besteht die M\u00f6glichkeit \u00fcber einen Internetanschluss digitale Betriebsarten \u00fcber das Internet zu vernetzen.<\/p>\n<p><a href=\"https:\/\/www.speckmarschall.de\/wcon\/wp-content\/uploads\/2015\/12\/IMG_3727.jpg\"><img loading=\"lazy\" decoding=\"async\" class=\"alignnone  wp-image-3323\" src=\"https:\/\/www.speckmarschall.de\/wcon\/wp-content\/uploads\/2015\/12\/IMG_3727-683x1024.jpg\" alt=\"\" width=\"141\" height=\"212\" srcset=\"https:\/\/www.speckmarschall.de\/wcon\/wp-content\/uploads\/2015\/12\/IMG_3727-683x1024.jpg 683w, https:\/\/www.speckmarschall.de\/wcon\/wp-content\/uploads\/2015\/12\/IMG_3727-200x300.jpg 200w, https:\/\/www.speckmarschall.de\/wcon\/wp-content\/uploads\/2015\/12\/IMG_3727-768x1152.jpg 768w\" sizes=\"auto, (max-width: 141px) 100vw, 141px\" \/>\u00a0<\/a> <a href=\"https:\/\/www.speckmarschall.de\/wcon\/wp-content\/uploads\/2015\/12\/IMG_3723.jpg\"><img loading=\"lazy\" decoding=\"async\" class=\"alignnone  wp-image-3320\" src=\"https:\/\/www.speckmarschall.de\/wcon\/wp-content\/uploads\/2015\/12\/IMG_3723-1024x683.jpg\" alt=\"\" width=\"315\" height=\"210\" srcset=\"https:\/\/www.speckmarschall.de\/wcon\/wp-content\/uploads\/2015\/12\/IMG_3723-1024x683.jpg 1024w, https:\/\/www.speckmarschall.de\/wcon\/wp-content\/uploads\/2015\/12\/IMG_3723-300x200.jpg 300w, https:\/\/www.speckmarschall.de\/wcon\/wp-content\/uploads\/2015\/12\/IMG_3723-768x512.jpg 768w\" sizes=\"auto, (max-width: 315px) 100vw, 315px\" \/><\/a><\/p>\n<p><a href=\"https:\/\/www.speckmarschall.de\/wcon\/wp-content\/uploads\/2015\/12\/IMG_3726.jpg\"><img loading=\"lazy\" decoding=\"async\" class=\"alignnone  wp-image-3322\" src=\"https:\/\/www.speckmarschall.de\/wcon\/wp-content\/uploads\/2015\/12\/IMG_3726-683x1024.jpg\" alt=\"\" width=\"228\" height=\"342\" srcset=\"https:\/\/www.speckmarschall.de\/wcon\/wp-content\/uploads\/2015\/12\/IMG_3726-683x1024.jpg 683w, https:\/\/www.speckmarschall.de\/wcon\/wp-content\/uploads\/2015\/12\/IMG_3726-200x300.jpg 200w, https:\/\/www.speckmarschall.de\/wcon\/wp-content\/uploads\/2015\/12\/IMG_3726-768x1152.jpg 768w\" sizes=\"auto, (max-width: 228px) 100vw, 228px\" \/><\/a>\u00a0 <a href=\"https:\/\/www.speckmarschall.de\/wcon\/wp-content\/uploads\/2015\/12\/DB0VP-1.jpg\"><img loading=\"lazy\" decoding=\"async\" class=\"alignnone  wp-image-3318\" src=\"https:\/\/www.speckmarschall.de\/wcon\/wp-content\/uploads\/2015\/12\/DB0VP-1-683x1024.jpg\" alt=\"\" width=\"227\" height=\"341\" srcset=\"https:\/\/www.speckmarschall.de\/wcon\/wp-content\/uploads\/2015\/12\/DB0VP-1-683x1024.jpg 683w, https:\/\/www.speckmarschall.de\/wcon\/wp-content\/uploads\/2015\/12\/DB0VP-1-200x300.jpg 200w, https:\/\/www.speckmarschall.de\/wcon\/wp-content\/uploads\/2015\/12\/DB0VP-1-768x1152.jpg 768w\" sizes=\"auto, (max-width: 227px) 100vw, 227px\" \/><\/a><\/p>\n<p><a href=\"https:\/\/www.speckmarschall.de\/wcon\/wp-content\/uploads\/2015\/12\/DB0VP-Mai-2017.jpg\"><img loading=\"lazy\" decoding=\"async\" class=\"alignnone wp-image-3317 size-large\" src=\"https:\/\/www.speckmarschall.de\/wcon\/wp-content\/uploads\/2015\/12\/DB0VP-Mai-2017-1024x117.jpg\" alt=\"\" width=\"474\" height=\"54\" srcset=\"https:\/\/www.speckmarschall.de\/wcon\/wp-content\/uploads\/2015\/12\/DB0VP-Mai-2017-1024x117.jpg 1024w, https:\/\/www.speckmarschall.de\/wcon\/wp-content\/uploads\/2015\/12\/DB0VP-Mai-2017-300x34.jpg 300w, https:\/\/www.speckmarschall.de\/wcon\/wp-content\/uploads\/2015\/12\/DB0VP-Mai-2017-768x88.jpg 768w\" sizes=\"auto, (max-width: 474px) 100vw, 474px\" \/><\/a><\/p>\n<p><a href=\"https:\/\/www.speckmarschall.de\/wcon\/wp-content\/uploads\/2015\/12\/IMG_3722.jpg\"><img loading=\"lazy\" decoding=\"async\" class=\"wp-image-3319 aligncenter\" src=\"https:\/\/www.speckmarschall.de\/wcon\/wp-content\/uploads\/2015\/12\/IMG_3722-683x1024.jpg\" alt=\"\" width=\"195\" height=\"293\" srcset=\"https:\/\/www.speckmarschall.de\/wcon\/wp-content\/uploads\/2015\/12\/IMG_3722-683x1024.jpg 683w, https:\/\/www.speckmarschall.de\/wcon\/wp-content\/uploads\/2015\/12\/IMG_3722-200x300.jpg 200w, https:\/\/www.speckmarschall.de\/wcon\/wp-content\/uploads\/2015\/12\/IMG_3722-768x1152.jpg 768w\" sizes=\"auto, (max-width: 195px) 100vw, 195px\" \/><\/a><iframe loading=\"lazy\" src=\"https:\/\/www.speckmarschall.de\/bier\/DB0VP.html\" width=\"600\" height=\"450\" frameborder=\"0\"><\/iframe><\/p>\n<p>&nbsp;<\/p>\n<hr \/>\n<p>\u00c4ltere Bilder aus dem Jahre 2016:<\/p>\n<p><a href=\"https:\/\/www.speckmarschall.de\/wcon\/wp-content\/uploads\/2015\/12\/DB0VP2.jpg\" rel=\"attachment wp-att-852\"><img loading=\"lazy\" decoding=\"async\" class=\"wp-image-852 size-full\" src=\"https:\/\/www.speckmarschall.de\/wcon\/wp-content\/uploads\/2015\/12\/DB0VP2.jpg\" alt=\"DB0VP\" width=\"3407\" height=\"1748\" srcset=\"https:\/\/www.speckmarschall.de\/wcon\/wp-content\/uploads\/2015\/12\/DB0VP2.jpg 3407w, https:\/\/www.speckmarschall.de\/wcon\/wp-content\/uploads\/2015\/12\/DB0VP2-300x154.jpg 300w, https:\/\/www.speckmarschall.de\/wcon\/wp-content\/uploads\/2015\/12\/DB0VP2-768x394.jpg 768w, https:\/\/www.speckmarschall.de\/wcon\/wp-content\/uploads\/2015\/12\/DB0VP2-1024x525.jpg 1024w\" sizes=\"auto, (max-width: 3407px) 100vw, 3407px\" \/><\/a><\/p>\n<p>DB0VP Standort Erlenbrunn altes Rathaus (2016)&nbsp;<\/p>\n<p><a href=\"https:\/\/www.speckmarschall.de\/wcon\/wp-content\/uploads\/2015\/12\/DB0VP-3.jpg\" rel=\"attachment wp-att-853\"><img loading=\"lazy\" decoding=\"async\" class=\"alignnone wp-image-853\" src=\"https:\/\/www.speckmarschall.de\/wcon\/wp-content\/uploads\/2015\/12\/DB0VP-3.jpg\" alt=\"DB0VP 3\" width=\"99\" height=\"96\" srcset=\"https:\/\/www.speckmarschall.de\/wcon\/wp-content\/uploads\/2015\/12\/DB0VP-3.jpg 3028w, https:\/\/www.speckmarschall.de\/wcon\/wp-content\/uploads\/2015\/12\/DB0VP-3-300x290.jpg 300w, https:\/\/www.speckmarschall.de\/wcon\/wp-content\/uploads\/2015\/12\/DB0VP-3-768x744.jpg 768w, https:\/\/www.speckmarschall.de\/wcon\/wp-content\/uploads\/2015\/12\/DB0VP-3-1024x992.jpg 1024w\" sizes=\"auto, (max-width: 99px) 100vw, 99px\" \/><\/a> <a href=\"https:\/\/www.speckmarschall.de\/wcon\/wp-content\/uploads\/2015\/12\/DB0VP-Antenne.jpg\" rel=\"attachment wp-att-854\"><img loading=\"lazy\" decoding=\"async\" class=\"alignnone wp-image-854\" src=\"https:\/\/www.speckmarschall.de\/wcon\/wp-content\/uploads\/2015\/12\/DB0VP-Antenne.jpg\" alt=\"DB0VP Antenne\" width=\"74\" height=\"93\" srcset=\"https:\/\/www.speckmarschall.de\/wcon\/wp-content\/uploads\/2015\/12\/DB0VP-Antenne.jpg 898w, https:\/\/www.speckmarschall.de\/wcon\/wp-content\/uploads\/2015\/12\/DB0VP-Antenne-237x300.jpg 237w, https:\/\/www.speckmarschall.de\/wcon\/wp-content\/uploads\/2015\/12\/DB0VP-Antenne-768x971.jpg 768w, https:\/\/www.speckmarschall.de\/wcon\/wp-content\/uploads\/2015\/12\/DB0VP-Antenne-810x1024.jpg 810w\" sizes=\"auto, (max-width: 74px) 100vw, 74px\" \/><\/a> <a href=\"https:\/\/www.speckmarschall.de\/wcon\/wp-content\/uploads\/2015\/12\/DB0VP-Rathaus.jpg\" rel=\"attachment wp-att-856\"><img loading=\"lazy\" decoding=\"async\" class=\"alignnone wp-image-856\" src=\"https:\/\/www.speckmarschall.de\/wcon\/wp-content\/uploads\/2015\/12\/DB0VP-Rathaus.jpg\" alt=\"DB0VP Rathaus\" width=\"134\" height=\"92\" srcset=\"https:\/\/www.speckmarschall.de\/wcon\/wp-content\/uploads\/2015\/12\/DB0VP-Rathaus.jpg 3169w, https:\/\/www.speckmarschall.de\/wcon\/wp-content\/uploads\/2015\/12\/DB0VP-Rathaus-300x207.jpg 300w, https:\/\/www.speckmarschall.de\/wcon\/wp-content\/uploads\/2015\/12\/DB0VP-Rathaus-768x529.jpg 768w, https:\/\/www.speckmarschall.de\/wcon\/wp-content\/uploads\/2015\/12\/DB0VP-Rathaus-1024x706.jpg 1024w\" sizes=\"auto, (max-width: 134px) 100vw, 134px\" \/><\/a> <a href=\"https:\/\/www.speckmarschall.de\/wcon\/wp-content\/uploads\/2015\/12\/DB0VP.jpg\" rel=\"attachment wp-att-857\"><img loading=\"lazy\" decoding=\"async\" class=\"alignnone wp-image-857\" src=\"https:\/\/www.speckmarschall.de\/wcon\/wp-content\/uploads\/2015\/12\/DB0VP.jpg\" alt=\"DB0VP\" width=\"153\" height=\"93\" srcset=\"https:\/\/www.speckmarschall.de\/wcon\/wp-content\/uploads\/2015\/12\/DB0VP.jpg 2752w, https:\/\/www.speckmarschall.de\/wcon\/wp-content\/uploads\/2015\/12\/DB0VP-300x183.jpg 300w, https:\/\/www.speckmarschall.de\/wcon\/wp-content\/uploads\/2015\/12\/DB0VP-768x467.jpg 768w, https:\/\/www.speckmarschall.de\/wcon\/wp-content\/uploads\/2015\/12\/DB0VP-1024x623.jpg 1024w\" sizes=\"auto, (max-width: 153px) 100vw, 153px\" \/><\/a><\/p>\n<figure id=\"attachment_855\" aria-describedby=\"caption-attachment-855\" style=\"width: 6396px\" class=\"wp-caption alignnone\"><a href=\"https:\/\/www.speckmarschall.de\/wcon\/wp-content\/uploads\/2015\/12\/DB0VP-Aussicht.jpg\" rel=\"attachment wp-att-855\"><img loading=\"lazy\" decoding=\"async\" class=\"wp-image-855 size-full\" src=\"https:\/\/www.speckmarschall.de\/wcon\/wp-content\/uploads\/2015\/12\/DB0VP-Aussicht.jpg\" alt=\"DB0VP Aussicht\" width=\"6396\" height=\"1315\" srcset=\"https:\/\/www.speckmarschall.de\/wcon\/wp-content\/uploads\/2015\/12\/DB0VP-Aussicht.jpg 6396w, https:\/\/www.speckmarschall.de\/wcon\/wp-content\/uploads\/2015\/12\/DB0VP-Aussicht-300x62.jpg 300w, https:\/\/www.speckmarschall.de\/wcon\/wp-content\/uploads\/2015\/12\/DB0VP-Aussicht-768x158.jpg 768w, https:\/\/www.speckmarschall.de\/wcon\/wp-content\/uploads\/2015\/12\/DB0VP-Aussicht-1024x211.jpg 1024w\" sizes=\"auto, (max-width: 6396px) 100vw, 6396px\" \/><\/a><figcaption id=\"caption-attachment-855\" class=\"wp-caption-text\">Ausblick 100m unterhalb des Relaisstandortes<\/figcaption><\/figure>\n<figure id=\"attachment_868\" aria-describedby=\"caption-attachment-868\" style=\"width: 4207px\" class=\"wp-caption alignnone\"><a href=\"https:\/\/www.speckmarschall.de\/wcon\/wp-content\/uploads\/2015\/12\/DB0VP-Blick-auf-Pirmasens.jpg\" rel=\"attachment wp-att-868\"><img loading=\"lazy\" decoding=\"async\" class=\"wp-image-868 size-full\" src=\"https:\/\/www.speckmarschall.de\/wcon\/wp-content\/uploads\/2015\/12\/DB0VP-Blick-auf-Pirmasens.jpg\" alt=\"DB0VP Blick auf Pirmasens\" width=\"4207\" height=\"584\" srcset=\"https:\/\/www.speckmarschall.de\/wcon\/wp-content\/uploads\/2015\/12\/DB0VP-Blick-auf-Pirmasens.jpg 4207w, https:\/\/www.speckmarschall.de\/wcon\/wp-content\/uploads\/2015\/12\/DB0VP-Blick-auf-Pirmasens-300x42.jpg 300w, https:\/\/www.speckmarschall.de\/wcon\/wp-content\/uploads\/2015\/12\/DB0VP-Blick-auf-Pirmasens-768x107.jpg 768w, https:\/\/www.speckmarschall.de\/wcon\/wp-content\/uploads\/2015\/12\/DB0VP-Blick-auf-Pirmasens-1024x142.jpg 1024w\" sizes=\"auto, (max-width: 4207px) 100vw, 4207px\" \/><\/a><figcaption id=\"caption-attachment-868\" class=\"wp-caption-text\">Blick von Erlenbrunn auf die Stadt Pirmasens<\/figcaption><\/figure>\n<figure id=\"attachment_860\" aria-describedby=\"caption-attachment-860\" style=\"width: 12288px\" class=\"wp-caption alignnone\"><a href=\"https:\/\/www.speckmarschall.de\/wcon\/wp-content\/uploads\/2015\/12\/DB0VP-Panorama.jpg\" rel=\"attachment wp-att-860\"><img loading=\"lazy\" decoding=\"async\" class=\"wp-image-860 size-full\" src=\"https:\/\/www.speckmarschall.de\/wcon\/wp-content\/uploads\/2015\/12\/DB0VP-Panorama.jpg\" alt=\"DB0VP Panorama\" width=\"12288\" height=\"1982\" srcset=\"https:\/\/www.speckmarschall.de\/wcon\/wp-content\/uploads\/2015\/12\/DB0VP-Panorama.jpg 12288w, https:\/\/www.speckmarschall.de\/wcon\/wp-content\/uploads\/2015\/12\/DB0VP-Panorama-300x48.jpg 300w, https:\/\/www.speckmarschall.de\/wcon\/wp-content\/uploads\/2015\/12\/DB0VP-Panorama-768x124.jpg 768w, https:\/\/www.speckmarschall.de\/wcon\/wp-content\/uploads\/2015\/12\/DB0VP-Panorama-1024x165.jpg 1024w\" sizes=\"auto, (max-width: 12288px) 100vw, 12288px\" \/><\/a><figcaption id=\"caption-attachment-860\" class=\"wp-caption-text\">400m neben dem Relaisstandort Blick Richtung Westen<\/figcaption><\/figure>\n<figure id=\"attachment_869\" aria-describedby=\"caption-attachment-869\" style=\"width: 4059px\" class=\"wp-caption alignnone\"><a href=\"https:\/\/www.speckmarschall.de\/wcon\/wp-content\/uploads\/2015\/12\/DB0VP-Panorama-Elenbrunn.jpg\" rel=\"attachment wp-att-869\"><img loading=\"lazy\" decoding=\"async\" class=\"wp-image-869 size-full\" src=\"https:\/\/www.speckmarschall.de\/wcon\/wp-content\/uploads\/2015\/12\/DB0VP-Panorama-Elenbrunn.jpg\" alt=\"DB0VP Panorama Elenbrunn\" width=\"4059\" height=\"712\" srcset=\"https:\/\/www.speckmarschall.de\/wcon\/wp-content\/uploads\/2015\/12\/DB0VP-Panorama-Elenbrunn.jpg 4059w, https:\/\/www.speckmarschall.de\/wcon\/wp-content\/uploads\/2015\/12\/DB0VP-Panorama-Elenbrunn-300x53.jpg 300w, https:\/\/www.speckmarschall.de\/wcon\/wp-content\/uploads\/2015\/12\/DB0VP-Panorama-Elenbrunn-768x135.jpg 768w, https:\/\/www.speckmarschall.de\/wcon\/wp-content\/uploads\/2015\/12\/DB0VP-Panorama-Elenbrunn-1024x180.jpg 1024w\" sizes=\"auto, (max-width: 4059px) 100vw, 4059px\" \/><\/a><figcaption id=\"caption-attachment-869\" class=\"wp-caption-text\">Blick von Erlenbrunn Richtung Osten<\/figcaption><\/figure>\n<hr \/>\n<p>weiterf\u00fchrende Informationen unter:<\/p>\n<p><a href=\"http:\/\/www.darc.de\/distrikte\/k\/09\/db0vp\/\" target=\"_blank\" rel=\"noopener noreferrer\">http:\/\/www.darc.de\/distrikte\/k\/09\/db0vp\/<\/a><\/p>\n","protected":false},"excerpt":{"rendered":"<p>Relaisfunkstelle Erlenbrunn Pirmasens, DB0VP Koordinaten: N 49.17035324, E 7.61405915 Maidenhead Locator: JN39te Standort:\u00a0 Rathaus Erlenbrunn Pirmasens (Pfalz), 433.60 m \u00fc. NHN, Frequenzbereiche:\u00a0 Ausgabe 145.650 MHz FM\/C4FM AMS Eingabe\u00a0\u00a0 145.150 MHz (600KHz Shift) Rufzeichen DB0VP Antenne: Diamond X300 \u00a0 2m\/70cm Multibandantenne \u25ba Gewinn:\u00a0 6,5\/9,0 dBi\u00a0 (2 m \/ 70 cm ) \u25ba ca. 10m \u00fcber Grund &hellip; <a href=\"https:\/\/www.speckmarschall.de\/?page_id=849\" class=\"more-link\"><span class=\"screen-reader-text\">DB0VP &#8211; Pirmasens<\/span> weiterlesen <span class=\"meta-nav\">&rarr;<\/span><\/a><\/p>\n","protected":false},"author":2,"featured_media":0,"parent":1548,"menu_order":20,"comment_status":"closed","ping_status":"closed","template":"","meta":{"footnotes":""},"class_list":["post-849","page","type-page","status-publish","hentry"],"_links":{"self":[{"href":"https:\/\/www.speckmarschall.de\/index.php?rest_route=\/wp\/v2\/pages\/849","targetHints":{"allow":["GET"]}}],"collection":[{"href":"https:\/\/www.speckmarschall.de\/index.php?rest_route=\/wp\/v2\/pages"}],"about":[{"href":"https:\/\/www.speckmarschall.de\/index.php?rest_route=\/wp\/v2\/types\/page"}],"author":[{"embeddable":true,"href":"https:\/\/www.speckmarschall.de\/index.php?rest_route=\/wp\/v2\/users\/2"}],"replies":[{"embeddable":true,"href":"https:\/\/www.speckmarschall.de\/index.php?rest_route=%2Fwp%2Fv2%2Fcomments&post=849"}],"version-history":[{"count":16,"href":"https:\/\/www.speckmarschall.de\/index.php?rest_route=\/wp\/v2\/pages\/849\/revisions"}],"predecessor-version":[{"id":3324,"href":"https:\/\/www.speckmarschall.de\/index.php?rest_route=\/wp\/v2\/pages\/849\/revisions\/3324"}],"up":[{"embeddable":true,"href":"https:\/\/www.speckmarschall.de\/index.php?rest_route=\/wp\/v2\/pages\/1548"}],"wp:attachment":[{"href":"https:\/\/www.speckmarschall.de\/index.php?rest_route=%2Fwp%2Fv2%2Fmedia&parent=849"}],"curies":[{"name":"wp","href":"https:\/\/api.w.org\/{rel}","templated":true}]}}